{"id":20531,"date":"2026-04-29T14:40:30","date_gmt":"2026-04-29T14:40:30","guid":{"rendered":"https:\/\/www.karnasbaglari.com\/?post_type=product&#038;p=20531"},"modified":"2026-04-29T15:53:51","modified_gmt":"2026-04-29T15:53:51","slug":"karnas-baglarinda-michelin-rehberinde-yer-alan-sefimizle-bagda-yemek-deneyimi","status":"publish","type":"product","link":"https:\/\/www.karnasbaglari.com\/tr\/urun\/karnas-baglarinda-michelin-rehberinde-yer-alan-sefimizle-bagda-yemek-deneyimi\/","title":{"rendered":"Karnas Ba\u011flar\u0131\u2019nda Michelin Rehberi\u2019nde yer alan \u015fefimizle Ba\u011fda Yemek Deneyimi"},"content":{"rendered":"<ul>\n<li>S\u00fcre: 5 saat<\/li>\n<li>G\u00fcn: Cumartesi, 10:00<\/li>\n<li>Deneyim T\u00fcr\u00fc: Yemek Kursu &amp; Gastronomi Deneyimi<\/li>\n<li>Konum: Bodrum \u2013 Karnas Ba\u011flar\u0131<\/li>\n<li>Ula\u015f\u0131m: Dahil de\u011fil (istek \u00fczerine \u00f6zel transfer ayarlanabilir)<\/li>\n<li>Yemek: Mevsimsel \u00fcr\u00fcnlerle Ege mutfa\u011f\u0131, tarladan sofraya \u00f6\u011fle yeme\u011fi<\/li>\n<li>\u015earap Tad\u0131m\u0131: Ba\u011f \u00fcretimi \u015faraplar dahil<\/li>\n<\/ul>\n<p data-start=\"946\" data-end=\"979\"><strong data-start=\"946\" data-end=\"979\">Bu Deneyimi \u00d6zel K\u0131lan Nedir?<\/strong><\/p>\n<p data-start=\"981\" data-end=\"1153\"><strong data-start=\"981\" data-end=\"1010\">Ger\u00e7ek Bir Gurme Deneyimi<\/strong><br data-start=\"1010\" data-end=\"1013\" \/>Bu yaln\u0131zca bir yemek kursu de\u011fil; ba\u011f ortam\u0131nda fine dining ile otantik gelene\u011fin bulu\u015ftu\u011fu \u00f6zenle kurgulanm\u0131\u015f bir gastronomi yolculu\u011fudur.<\/p>\n<p data-start=\"1155\" data-end=\"1301\"><strong data-start=\"1155\" data-end=\"1190\">Michelin Tan\u0131nm\u0131\u015f \u015eef ile Yemek<\/strong><br data-start=\"1190\" data-end=\"1193\" \/>Profesyonel teknikleri, mutfak s\u0131rlar\u0131n\u0131 ve Ege mutfa\u011f\u0131n\u0131n felsefesini alan\u0131nda tan\u0131nm\u0131\u015f bir \u015feften \u00f6\u011frenin.<\/p>\n<p data-start=\"1303\" data-end=\"1457\"><strong data-start=\"1303\" data-end=\"1330\">Tarladan Sofraya Mutfak<\/strong><br data-start=\"1330\" data-end=\"1333\" \/>Yerel ve \u00e7o\u011fu zaman do\u011frudan ba\u011f \u00e7evresinden temin edilen en taze mevsimsel \u00fcr\u00fcnlerle yemekler haz\u0131rlay\u0131n ve tad\u0131n\u0131 \u00e7\u0131kar\u0131n.<\/p>\n<p data-start=\"1459\" data-end=\"1593\"><strong data-start=\"1459\" data-end=\"1486\">\u015earap &amp; Yemek E\u015fle\u015fmesi<\/strong><br data-start=\"1486\" data-end=\"1489\" \/>Karnas Ba\u011flar\u0131\u2019nda \u00fcretilen \u00f6zel \u015faraplar\u0131, haz\u0131rlad\u0131\u011f\u0131n\u0131z yemeklerle m\u00fckemmel uyum i\u00e7inde deneyimleyin.<\/p>\n<p data-start=\"1595\" data-end=\"1709\"><strong data-start=\"1595\" data-end=\"1622\">K\u00fc\u00e7\u00fck ve Samimi Gruplar<\/strong><br data-start=\"1622\" data-end=\"1625\" \/>S\u0131n\u0131rl\u0131 kat\u0131l\u0131mc\u0131 say\u0131s\u0131 sayesinde rahat, ki\u015fisel ve uygulamal\u0131 bir deneyim ya\u015fay\u0131n.<\/p>\n<p data-start=\"1711\" data-end=\"1828\"><strong data-start=\"1711\" data-end=\"1731\">K\u00fclt\u00fcrel Deneyim<\/strong><br data-start=\"1731\" data-end=\"1734\" \/>Bodrum ve Ege\u2019ye \u00f6zg\u00fc lezzetler, hik\u00e2yeler ve geleneklerle b\u00f6lgenin mutfak k\u00fclt\u00fcr\u00fcne ba\u011flan\u0131n.<\/p>\n<p><strong data-start=\"1835\" data-end=\"1856\">Deneyimin Kendisi<\/strong><br data-start=\"1856\" data-end=\"1859\" \/>G\u00fcn\u00fcn\u00fcz, Karnas Ba\u011flar\u0131\u2019nda s\u0131cak bir kar\u015f\u0131lama ile ba\u015flar. Do\u011fal manzara, unutulmaz bir g\u00fcn\u00fcn atmosferini olu\u015fturur. \u015eefimizin rehberli\u011finde, geleneksel tarifler ile modern teknikleri bir araya getirerek otantik Ege yemekleri haz\u0131rlars\u0131n\u0131z.<br data-start=\"2100\" data-end=\"2103\" \/>Yemek at\u00f6lyesinin ard\u0131ndan, haz\u0131rlad\u0131\u011f\u0131n\u0131z lezzetleri ba\u011f manzaras\u0131nda, \u00f6zenle se\u00e7ilmi\u015f \u015faraplar e\u015fli\u011finde uzun masa d\u00fczeninde keyifle tadars\u0131n\u0131z.<\/p>\n<p><strong data-start=\"2256\" data-end=\"2278\">Kimler \u0130\u00e7in Uygun?<\/strong><br data-start=\"2278\" data-end=\"2281\" \/>\u2022 \u00dcst d\u00fczey bir gastronomi deneyimi arayan yemek tutkunlar\u0131<br data-start=\"2340\" data-end=\"2343\" \/>\u2022 Bodrum\u2019da otantik ve yerel aktiviteler ke\u015ffetmek isteyen gezginler<br data-start=\"2411\" data-end=\"2414\" \/>\u2022 Ba\u011fc\u0131l\u0131k ve \u015farap k\u00fclt\u00fcr\u00fcne ilgi duyanlar<br data-start=\"2457\" data-end=\"2460\" \/>\u2022 \u00c7iftler, arkada\u015f gruplar\u0131 ve \u00f6zel bir deneyim ya\u015famak isteyen k\u00fc\u00e7\u00fck gruplar<\/p>\n<p><strong data-start=\"2546\" data-end=\"2563\">\u00d6nemli Notlar<\/strong><br data-start=\"2563\" data-end=\"2566\" \/>\u2022 S\u0131n\u0131rl\u0131 kontenjan nedeniyle \u00f6nceden rezervasyon \u00f6nerilir<br data-start=\"2624\" data-end=\"2627\" \/>\u2022 \u00d6zel beslenme ihtiya\u00e7lar\u0131 \u00f6nceden bildirilirse kar\u015f\u0131lanabilir<br data-start=\"2690\" data-end=\"2693\" \/>\u2022 Talep \u00fczerine \u00f6zel (private) deneyimler d\u00fczenlenebilir<\/p>","protected":false},"excerpt":{"rendered":"<p>Bodrum\u2019un k\u0131rsal\u0131n\u0131n kalbine ad\u0131m at\u0131n ve Karnas Ba\u011flar\u0131\u2019nda unutulmaz bir gastronomi yolculu\u011fu ya\u015fay\u0131n. Bu \u00f6zel ba\u011fda yemek deneyimi, geleneksel bir kursun \u00e7ok \u00f6tesine ge\u00e7erek; Michelin tan\u0131nm\u0131\u015f \u015fefimizin rehberli\u011finde gastronomi, k\u00fclt\u00fcr ve \u015farab\u0131n rafine bir birle\u015fimini sunar.<br data-start=\"368\" data-end=\"371\" \/>Ba\u011flar ve zeytinliklerle \u00e7evrili bu ortamda, mevsimsel ve tarladan sofraya malzemelerle Ege mutfa\u011f\u0131n\u0131n \u00f6z\u00fcn\u00fc ke\u015ffedecek, haz\u0131rlad\u0131\u011f\u0131n\u0131z yemekleri ba\u011f\u0131n kendi \u00fcretimi \u015faraplarla e\u015fle\u015ftireceksiniz.<\/p>","protected":false},"featured_media":20536,"comment_status":"open","ping_status":"closed","template":"","meta":[],"product_brand":[],"product_cat":[300],"product_tag":[],"class_list":{"0":"post-20531","1":"product","2":"type-product","3":"status-publish","4":"has-post-thumbnail","6":"product_cat-yemek-pisirme-deneyimi","8":"first","9":"instock","10":"shipping-taxable","11":"purchasable","12":"product-type-simple"},"_links":{"self":[{"href":"https:\/\/www.karnasbaglari.com\/tr\/wp-json\/wp\/v2\/product\/20531","targetHints":{"allow":["GET"]}}],"collection":[{"href":"https:\/\/www.karnasbaglari.com\/tr\/wp-json\/wp\/v2\/product"}],"about":[{"href":"https:\/\/www.karnasbaglari.com\/tr\/wp-json\/wp\/v2\/types\/product"}],"replies":[{"embeddable":true,"href":"https:\/\/www.karnasbaglari.com\/tr\/wp-json\/wp\/v2\/comments?post=20531"}],"wp:featuredmedia":[{"embeddable":true,"href":"https:\/\/www.karnasbaglari.com\/tr\/wp-json\/wp\/v2\/media\/20536"}],"wp:attachment":[{"href":"https:\/\/www.karnasbaglari.com\/tr\/wp-json\/wp\/v2\/media?parent=20531"}],"wp:term":[{"taxonomy":"product_brand","embeddable":true,"href":"https:\/\/www.karnasbaglari.com\/tr\/wp-json\/wp\/v2\/product_brand?post=20531"},{"taxonomy":"product_cat","embeddable":true,"href":"https:\/\/www.karnasbaglari.com\/tr\/wp-json\/wp\/v2\/product_cat?post=20531"},{"taxonomy":"product_tag","embeddable":true,"href":"https:\/\/www.karnasbaglari.com\/tr\/wp-json\/wp\/v2\/product_tag?post=20531"}],"curies":[{"name":"wp","href":"https:\/\/api.w.org\/{rel}","templated":true}]}}